{"id":4671,"date":"2024-04-02T12:57:11","date_gmt":"2024-04-02T12:57:11","guid":{"rendered":"https:\/\/candor.hu\/?page_id=4671"},"modified":"2025-05-22T07:58:49","modified_gmt":"2025-05-22T07:58:49","slug":"ccc-kratka-kava-2022-a-candor-oszi-szezonzarasaccc","status":"publish","type":"page","link":"https:\/\/candor.hu\/index.php\/ccc-kratka-kava-2022-a-candor-oszi-szezonzarasaccc\/","title":{"rendered":"CCC Kratka Kava 2022 \u2013 a Candor \u0151szi szezonz\u00e1r\u00e1saCCC"},"content":{"rendered":"\t\t<div data-elementor-type=\"wp-page\" data-elementor-id=\"4671\" class=\"elementor elementor-4671\" data-elementor-post-type=\"page\">\n\t\t\t\t\t\t<section class=\"elementor-section elementor-top-section elementor-element elementor-element-dc27324 elementor-section-boxed elementor-section-height-default elementor-section-height-default\" data-id=\"dc27324\" data-element_type=\"section\" data-e-type=\"section\">\n\t\t\t\t\t\t<div class=\"elementor-container elementor-column-gap-default\">\n\t\t\t\t\t<div class=\"elementor-column elementor-col-100 elementor-top-column elementor-element elementor-element-25a9279\" data-id=\"25a9279\" data-element_type=\"column\" data-e-type=\"column\">\n\t\t\t<div class=\"elementor-widget-wrap elementor-element-populated\">\n\t\t\t\t\t\t<div class=\"elementor-element elementor-element-abd39cb elementor-widget elementor-widget-spacer\" data-id=\"abd39cb\" data-element_type=\"widget\" data-e-type=\"widget\" data-widget_type=\"spacer.default\">\n\t\t\t\t\t\t\t<div class=\"elementor-spacer\">\n\t\t\t<div class=\"elementor-spacer-inner\"><\/div>\n\t\t<\/div>\n\t\t\t\t\t\t<\/div>\n\t\t\t\t\t<\/div>\n\t\t<\/div>\n\t\t\t\t\t<\/div>\n\t\t<\/section>\n\t\t\t\t<section class=\"elementor-section elementor-top-section elementor-element elementor-element-e4f76e4 elementor-section-boxed elementor-section-height-default elementor-section-height-default\" data-id=\"e4f76e4\" data-element_type=\"section\" data-e-type=\"section\">\n\t\t\t\t\t\t<div class=\"elementor-container elementor-column-gap-default\">\n\t\t\t\t\t<div class=\"elementor-column elementor-col-100 elementor-top-column elementor-element elementor-element-c9bf42e\" data-id=\"c9bf42e\" data-element_type=\"column\" data-e-type=\"column\">\n\t\t\t<div class=\"elementor-widget-wrap elementor-element-populated\">\n\t\t\t\t\t\t<div class=\"elementor-element elementor-element-e11ed03 elementor-widget elementor-widget-heading\" data-id=\"e11ed03\" data-element_type=\"widget\" data-e-type=\"widget\" data-widget_type=\"heading.default\">\n\t\t\t\t\t<h2 class=\"elementor-heading-title elementor-size-default\">CCC Kratka Kava 2022 \u2013 a Candor \u0151szi szezonz\u00e1r\u00e1sa<\/h2>\t\t\t\t<\/div>\n\t\t\t\t\t<\/div>\n\t\t<\/div>\n\t\t\t\t\t<\/div>\n\t\t<\/section>\n\t\t\t\t<section class=\"elementor-section elementor-top-section elementor-element elementor-element-8a2c192 elementor-section-boxed elementor-section-height-default elementor-section-height-default\" data-id=\"8a2c192\" data-element_type=\"section\" data-e-type=\"section\">\n\t\t\t\t\t\t<div class=\"elementor-container elementor-column-gap-default\">\n\t\t\t\t\t<div class=\"elementor-column elementor-col-100 elementor-top-column elementor-element elementor-element-5658071\" data-id=\"5658071\" data-element_type=\"column\" data-e-type=\"column\">\n\t\t\t<div class=\"elementor-widget-wrap elementor-element-populated\">\n\t\t\t\t\t\t<div class=\"elementor-element elementor-element-cae21a0 elementor-widget elementor-widget-text-editor\" data-id=\"cae21a0\" data-element_type=\"widget\" data-e-type=\"widget\" data-widget_type=\"text-editor.default\">\n\t\t\t\t\t\t\t\t\t<p style=\"font-variant-ligatures: normal; font-variant-caps: normal; font-family: &quot;Work Sans&quot;, sans-serif; font-size: 14px; font-style: normal; font-weight: 300;\"><span style=\"font-size: 14px; font-weight: 400;\">Id\u00e9n m\u00e1r tizennegyedik alkalommal ind\u00edtottuk el a Candor flott\u00e1t, hogy pontot tegy\u00fcnk egy hossz\u00fa szezon v\u00e9g\u00e9re. Egy\u00fctt \u00f6r\u00fclt\u00fcnk a k\u00e9s\u0151 \u0151szi naps\u00fct\u00e9snek, a turist\u00e1k t\u00f6megei n\u00e9lk\u00fcl csod\u00e1ltuk meg az utunkba es\u0151 v\u00e1rosk\u00e1kat, \u00e9s \u00e9lvezt\u00fck a n\u00e9ha enyhe, n\u00e9ha friss szeleket.<\/span><\/p><p style=\"font-variant-ligatures: normal; font-variant-caps: normal; font-family: &quot;Work Sans&quot;, sans-serif; font-size: 14px; font-style: normal; font-weight: 300;\"><span style=\"font-size: 14px; font-weight: 400;\">T\u00edz akt\u00edv Candor haj\u00f3val indultunk, \u00e9s a Miu Miu, egy kor\u00e1bbi haj\u00f3nk csatlakozott hozz\u00e1nk, m\u00e1r \u00faj tulajdonosaival a fed\u00e9lzeten. A csapat majdnem nyolcvan emberb\u0151l \u00e1llt, legt\u00f6bben r\u00e9gi ismer\u0151s\u00f6k, de sz\u00e9p sz\u00e1mmal voltak \u00faj vend\u00e9gek is.<\/span><\/p><p style=\"font-variant-ligatures: normal; font-variant-caps: normal; font-family: &quot;Work Sans&quot;, sans-serif; font-size: 14px; font-style: normal; font-weight: 300;\"><span style=\"font-size: 14px; font-weight: 400;\">Els\u0151 est\u00e9nkre az \u00faj Kastel Stari kik\u00f6t\u0151t szemelt\u00fck ki magunknak, felavattuk a k\u00fcls\u0151 hull\u00e1mt\u00f6r\u0151 kik\u00f6t\u0151bakjait, ett\u00fcnk egy j\u00f3 vacsor\u00e1t, \u00e9jszak\u00e1ba ny\u00falt a besz\u00e9lget\u00e9s az asztalok mellett.<\/span><\/p><p style=\"font-variant-ligatures: normal; font-variant-caps: normal; font-family: &quot;Work Sans&quot;, sans-serif; font-size: 14px; font-style: normal; font-weight: 300;\"><span style=\"font-size: 14px; font-weight: 400;\">M\u00e1snap Rogoznica fel\u00e9 vett\u00fck az ir\u00e1nyt, de a ragyog\u00f3 naps\u00fct\u00e9sben horgonyt dobtunk Drvenik Veli h\u00edres Krknjasi \u00f6bl\u00e9ben. Legt\u00f6bben lubickoltak is a 22 fokos tengerben. Est\u00e9re a rogoznicai v\u00e1rosi kik\u00f6t\u0151t c\u00e9loztuk meg, rajtunk k\u00edv\u00fcl nem is nagyon volt haj\u00f3 a v\u00e1roska partfal\u00e1n. A v\u00e9ge fel\u00e9 j\u00e1r\u00f3 Jug\u00f3 is az \u00e9szakias \u00fatvonalat t\u00e1mogatta, \u00edgy m\u00e9g m\u00e1snap is affel\u00e9 kerest\u00fcnk \u00fatic\u00e9lt.<\/span><\/p><p style=\"font-variant-ligatures: normal; font-variant-caps: normal; font-family: &quot;Work Sans&quot;, sans-serif; font-size: 14px; font-style: normal; font-weight: 300;\"><span style=\"font-size: 14px; font-weight: 400;\">Reggel siker\u00fclt egyszerre \u201erajtolnunk\u201d a partfalr\u00f3l, ami minden r\u00e9sztvev\u0151nek izgalmas tapasztalat volt, az itt k\u00e9sz\u00fclt dr\u00f3nfelv\u00e9teleken is l\u00e1tszik, milyen l\u00e1tv\u00e1nyos ennyi haj\u00f3, ha val\u00f3ban flottak\u00e9nt mozog. Az esti kik\u00f6t\u00e9sre Prvic sziget\u00e9t n\u00e9zt\u00fck ki, itt m\u00e9g nem voltunk ismer\u0151s\u00f6k, de megjegyezt\u00fck magunknak, milyen sz\u00e9p kis sziget, kedves hely.<\/span><\/p><p style=\"font-variant-ligatures: normal; font-variant-caps: normal; font-family: &quot;Work Sans&quot;, sans-serif; font-size: 14px; font-style: normal; font-weight: 300;\"><span style=\"font-size: 14px; font-weight: 400;\">M\u00e1snap kor\u00e1n nekiindultunk, \u00e9s az \u00e9bred\u0151 misztr\u00e1llal c\u00e9lba vett\u00fck Komiz\u00e1t, Vis sziget\u00e9t. Ez a kik\u00f6t\u0151 ny\u00e1ron m\u00e1r-m\u00e1r elviselhetetlen\u00fcl zs\u00fafolt, de most csak elv\u00e9tve volt rajtunk k\u00edv\u00fcl haj\u00f3 a partfalon.<\/span><\/p><p style=\"font-variant-ligatures: normal; font-variant-caps: normal; font-family: &quot;Work Sans&quot;, sans-serif; font-size: 14px; font-style: normal; font-weight: 300;\"><span style=\"font-size: 14px; font-weight: 400;\">Reggel ki-ki tetsz\u00e9se szerint v\u00e1lasztott \u00fatvonalat, volt, aki a k\u00e9k barlangot, volt, aki Stiniva \u00e9s Budikovac sz\u00e9ps\u00e9g\u00e9t n\u00e9zte meg, de akadt, aki Hvar \u00f3v\u00e1ros\u00e1t l\u00e1togatta meg egy fagyiz\u00e1s erej\u00e9ig. Par\u00e1d\u00e9s id\u0151j\u00e1r\u00e1s, kif\u00fajt, 18-20 csom\u00f3s misztr\u00e1l rep\u00edtette a vitorl\u00e1z\u00f3kat eg\u00e9sz nap! Est\u00e9re Stari Grad volt a pihen\u0151hely\u00fcnk, itt a t\u00e9lire bek\u00f6t\u00f6tt haj\u00f3k miatt meg is t\u00f6lt\u00f6tt\u00fck a szabad muringokat. \u00d6sszefutottunk M\u00e9der \u00c1ronnal, \u00e9s az \u0151 szok\u00e1sos okt\u00f3beri tanfolyamt\u00far\u00e1j\u00e1val is. Reggel itt k\u00e9sz\u00edtett\u00fck el a hagyom\u00e1nyos csoportk\u00e9p\u00fcnket, ut\u00f3lag is eln\u00e9z\u00e9st \u00c1ron\u00e9kt\u00f3l a f\u00e1klyaf\u00fcst\u00e9rt \ud83d\ude0a<\/span><\/p><p style=\"font-variant-ligatures: normal; font-variant-caps: normal; font-family: &quot;Work Sans&quot;, sans-serif; font-size: 14px; font-style: normal; font-weight: 300;\"><span style=\"font-size: 14px; font-weight: 400;\">P\u00e9ntek est\u00e9re \u00e9rt\u00fcnk Kastel\u00e1ra, ahol a kik\u00f6t\u0151ben, a Spinakker \u00e9tteremben v\u00e1rt benn\u00fcnket az \u00fcnnepi vacsora. Mindenki el\u00e9gedetten t\u00e9rt nyugov\u00f3ra, nem maradt hi\u00e1ny\u00e9rzet\u00fcnk, m\u00e1snap reggel j\u00f3kedv\u0171en indult haza a csapat. A b\u00facs\u00faz\u00e1skor mindenki kiemelte, hogy legk\u00f6zelebb is j\u00f6n, mi pedig m\u00e1r most k\u00e9sz\u00fcl\u00fcnk az alkalomra!<\/span><\/p>\t\t\t\t\t\t\t\t<\/div>\n\t\t\t\t\t<\/div>\n\t\t<\/div>\n\t\t\t\t\t<\/div>\n\t\t<\/section>\n\t\t\t\t<\/div>\n\t\t","protected":false},"excerpt":{"rendered":"<p>CCC Kratka Kava 2022 \u2013 a Candor \u0151szi szezonz\u00e1r\u00e1sa Id\u00e9n m\u00e1r tizennegyedik alkalommal ind\u00edtottuk el a Candor flott\u00e1t, hogy pontot tegy\u00fcnk egy hossz\u00fa szezon v\u00e9g\u00e9re. Egy\u00fctt \u00f6r\u00fclt\u00fcnk a k\u00e9s\u0151 \u0151szi naps\u00fct\u00e9snek, a turist\u00e1k t\u00f6megei n\u00e9lk\u00fcl csod\u00e1ltuk meg az utunkba es\u0151 v\u00e1rosk\u00e1kat, \u00e9s \u00e9lvezt\u00fck a n\u00e9ha enyhe, n\u00e9ha friss szeleket. T\u00edz akt\u00edv Candor haj\u00f3val indultunk, \u00e9s [&hellip;]<\/p>\n","protected":false},"author":3,"featured_media":0,"parent":0,"menu_order":0,"comment_status":"closed","ping_status":"closed","template":"","meta":{"footnotes":""},"class_list":["post-4671","page","type-page","status-publish","hentry","entry","owp-thumbs-layout-horizontal","owp-btn-normal","owp-tabs-layout-horizontal","has-no-thumbnails","has-product-nav"],"yoast_head":"<!-- This site is optimized with the Yoast SEO plugin v27.4 - https:\/\/yoast.com\/product\/yoast-seo-wordpress\/ -->\n<title>CCC Kratka Kava 2022 | Vitorl\u00e1s t\u00fara Horv\u00e1torsz\u00e1g | Candor.hu<\/title>\n<meta name=\"description\" content=\"Tizennegyedik alkalommal ind\u00edtottuk el a Candor flott\u00e1t, hogy egy k\u00f6z\u00f6s \u00e9lm\u00e9nnyel z\u00e1rjuk a hossz\u00fa szezont.\" \/>\n<meta name=\"robots\" content=\"index, follow, max-snippet:-1, max-image-preview:large, max-video-preview:-1\" \/>\n<link rel=\"canonical\" href=\"https:\/\/candor.hu\/index.php\/ccc-kratka-kava-2022-a-candor-oszi-szezonzarasaccc\/\" \/>\n<meta property=\"og:locale\" content=\"hu_HU\" \/>\n<meta property=\"og:type\" content=\"article\" \/>\n<meta property=\"og:title\" content=\"CCC Kratka Kava 2022 | Vitorl\u00e1s t\u00fara Horv\u00e1torsz\u00e1g | Candor.hu\" \/>\n<meta property=\"og:description\" content=\"Tizennegyedik alkalommal ind\u00edtottuk el a Candor flott\u00e1t, hogy egy k\u00f6z\u00f6s \u00e9lm\u00e9nnyel z\u00e1rjuk a hossz\u00fa szezont.\" \/>\n<meta property=\"og:url\" content=\"https:\/\/candor.hu\/index.php\/ccc-kratka-kava-2022-a-candor-oszi-szezonzarasaccc\/\" \/>\n<meta property=\"og:site_name\" content=\"Candor\" \/>\n<meta property=\"article:modified_time\" content=\"2025-05-22T07:58:49+00:00\" \/>\n<meta name=\"twitter:card\" content=\"summary_large_image\" \/>\n<meta name=\"twitter:label1\" content=\"Becs\u00fclt olvas\u00e1si id\u0151\" \/>\n\t<meta name=\"twitter:data1\" content=\"3 perc\" \/>\n<script type=\"application\/ld+json\" class=\"yoast-schema-graph\">{\"@context\":\"https:\\\/\\\/schema.org\",\"@graph\":[{\"@type\":\"WebPage\",\"@id\":\"https:\\\/\\\/candor.hu\\\/index.php\\\/ccc-kratka-kava-2022-a-candor-oszi-szezonzarasaccc\\\/\",\"url\":\"https:\\\/\\\/candor.hu\\\/index.php\\\/ccc-kratka-kava-2022-a-candor-oszi-szezonzarasaccc\\\/\",\"name\":\"CCC Kratka Kava 2022 | Vitorl\u00e1s t\u00fara Horv\u00e1torsz\u00e1g | Candor.hu\",\"isPartOf\":{\"@id\":\"https:\\\/\\\/candor.hu\\\/#website\"},\"datePublished\":\"2024-04-02T12:57:11+00:00\",\"dateModified\":\"2025-05-22T07:58:49+00:00\",\"description\":\"Tizennegyedik alkalommal ind\u00edtottuk el a Candor flott\u00e1t, hogy egy k\u00f6z\u00f6s \u00e9lm\u00e9nnyel z\u00e1rjuk a hossz\u00fa szezont.\",\"breadcrumb\":{\"@id\":\"https:\\\/\\\/candor.hu\\\/index.php\\\/ccc-kratka-kava-2022-a-candor-oszi-szezonzarasaccc\\\/#breadcrumb\"},\"inLanguage\":\"hu\",\"potentialAction\":[{\"@type\":\"ReadAction\",\"target\":[\"https:\\\/\\\/candor.hu\\\/index.php\\\/ccc-kratka-kava-2022-a-candor-oszi-szezonzarasaccc\\\/\"]}]},{\"@type\":\"BreadcrumbList\",\"@id\":\"https:\\\/\\\/candor.hu\\\/index.php\\\/ccc-kratka-kava-2022-a-candor-oszi-szezonzarasaccc\\\/#breadcrumb\",\"itemListElement\":[{\"@type\":\"ListItem\",\"position\":1,\"name\":\"Kezd\u0151lap\",\"item\":\"https:\\\/\\\/candor.hu\\\/\"},{\"@type\":\"ListItem\",\"position\":2,\"name\":\"CCC Kratka Kava 2022 \u2013 a Candor \u0151szi szezonz\u00e1r\u00e1saCCC\"}]},{\"@type\":\"WebSite\",\"@id\":\"https:\\\/\\\/candor.hu\\\/#website\",\"url\":\"https:\\\/\\\/candor.hu\\\/\",\"name\":\"Candor\",\"description\":\"\",\"publisher\":{\"@id\":\"https:\\\/\\\/candor.hu\\\/#organization\"},\"potentialAction\":[{\"@type\":\"SearchAction\",\"target\":{\"@type\":\"EntryPoint\",\"urlTemplate\":\"https:\\\/\\\/candor.hu\\\/?s={search_term_string}\"},\"query-input\":{\"@type\":\"PropertyValueSpecification\",\"valueRequired\":true,\"valueName\":\"search_term_string\"}}],\"inLanguage\":\"hu\"},{\"@type\":\"Organization\",\"@id\":\"https:\\\/\\\/candor.hu\\\/#organization\",\"name\":\"Candor\",\"url\":\"https:\\\/\\\/candor.hu\\\/\",\"logo\":{\"@type\":\"ImageObject\",\"inLanguage\":\"hu\",\"@id\":\"https:\\\/\\\/candor.hu\\\/#\\\/schema\\\/logo\\\/image\\\/\",\"url\":\"https:\\\/\\\/candor.hu\\\/wp-content\\\/uploads\\\/2023\\\/05\\\/cropped-candorlogo-01.png\",\"contentUrl\":\"https:\\\/\\\/candor.hu\\\/wp-content\\\/uploads\\\/2023\\\/05\\\/cropped-candorlogo-01.png\",\"width\":754,\"height\":206,\"caption\":\"Candor\"},\"image\":{\"@id\":\"https:\\\/\\\/candor.hu\\\/#\\\/schema\\\/logo\\\/image\\\/\"}}]}<\/script>\n<!-- \/ Yoast SEO plugin. -->","yoast_head_json":{"title":"CCC Kratka Kava 2022 | Vitorl\u00e1s t\u00fara Horv\u00e1torsz\u00e1g | Candor.hu","description":"Tizennegyedik alkalommal ind\u00edtottuk el a Candor flott\u00e1t, hogy egy k\u00f6z\u00f6s \u00e9lm\u00e9nnyel z\u00e1rjuk a hossz\u00fa szezont.","robots":{"index":"index","follow":"follow","max-snippet":"max-snippet:-1","max-image-preview":"max-image-preview:large","max-video-preview":"max-video-preview:-1"},"canonical":"https:\/\/candor.hu\/index.php\/ccc-kratka-kava-2022-a-candor-oszi-szezonzarasaccc\/","og_locale":"hu_HU","og_type":"article","og_title":"CCC Kratka Kava 2022 | Vitorl\u00e1s t\u00fara Horv\u00e1torsz\u00e1g | Candor.hu","og_description":"Tizennegyedik alkalommal ind\u00edtottuk el a Candor flott\u00e1t, hogy egy k\u00f6z\u00f6s \u00e9lm\u00e9nnyel z\u00e1rjuk a hossz\u00fa szezont.","og_url":"https:\/\/candor.hu\/index.php\/ccc-kratka-kava-2022-a-candor-oszi-szezonzarasaccc\/","og_site_name":"Candor","article_modified_time":"2025-05-22T07:58:49+00:00","twitter_card":"summary_large_image","twitter_misc":{"Becs\u00fclt olvas\u00e1si id\u0151":"3 perc"},"schema":{"@context":"https:\/\/schema.org","@graph":[{"@type":"WebPage","@id":"https:\/\/candor.hu\/index.php\/ccc-kratka-kava-2022-a-candor-oszi-szezonzarasaccc\/","url":"https:\/\/candor.hu\/index.php\/ccc-kratka-kava-2022-a-candor-oszi-szezonzarasaccc\/","name":"CCC Kratka Kava 2022 | Vitorl\u00e1s t\u00fara Horv\u00e1torsz\u00e1g | Candor.hu","isPartOf":{"@id":"https:\/\/candor.hu\/#website"},"datePublished":"2024-04-02T12:57:11+00:00","dateModified":"2025-05-22T07:58:49+00:00","description":"Tizennegyedik alkalommal ind\u00edtottuk el a Candor flott\u00e1t, hogy egy k\u00f6z\u00f6s \u00e9lm\u00e9nnyel z\u00e1rjuk a hossz\u00fa szezont.","breadcrumb":{"@id":"https:\/\/candor.hu\/index.php\/ccc-kratka-kava-2022-a-candor-oszi-szezonzarasaccc\/#breadcrumb"},"inLanguage":"hu","potentialAction":[{"@type":"ReadAction","target":["https:\/\/candor.hu\/index.php\/ccc-kratka-kava-2022-a-candor-oszi-szezonzarasaccc\/"]}]},{"@type":"BreadcrumbList","@id":"https:\/\/candor.hu\/index.php\/ccc-kratka-kava-2022-a-candor-oszi-szezonzarasaccc\/#breadcrumb","itemListElement":[{"@type":"ListItem","position":1,"name":"Kezd\u0151lap","item":"https:\/\/candor.hu\/"},{"@type":"ListItem","position":2,"name":"CCC Kratka Kava 2022 \u2013 a Candor \u0151szi szezonz\u00e1r\u00e1saCCC"}]},{"@type":"WebSite","@id":"https:\/\/candor.hu\/#website","url":"https:\/\/candor.hu\/","name":"Candor","description":"","publisher":{"@id":"https:\/\/candor.hu\/#organization"},"potentialAction":[{"@type":"SearchAction","target":{"@type":"EntryPoint","urlTemplate":"https:\/\/candor.hu\/?s={search_term_string}"},"query-input":{"@type":"PropertyValueSpecification","valueRequired":true,"valueName":"search_term_string"}}],"inLanguage":"hu"},{"@type":"Organization","@id":"https:\/\/candor.hu\/#organization","name":"Candor","url":"https:\/\/candor.hu\/","logo":{"@type":"ImageObject","inLanguage":"hu","@id":"https:\/\/candor.hu\/#\/schema\/logo\/image\/","url":"https:\/\/candor.hu\/wp-content\/uploads\/2023\/05\/cropped-candorlogo-01.png","contentUrl":"https:\/\/candor.hu\/wp-content\/uploads\/2023\/05\/cropped-candorlogo-01.png","width":754,"height":206,"caption":"Candor"},"image":{"@id":"https:\/\/candor.hu\/#\/schema\/logo\/image\/"}}]}},"jetpack_sharing_enabled":true,"_links":{"self":[{"href":"https:\/\/candor.hu\/index.php\/wp-json\/wp\/v2\/pages\/4671","targetHints":{"allow":["GET"]}}],"collection":[{"href":"https:\/\/candor.hu\/index.php\/wp-json\/wp\/v2\/pages"}],"about":[{"href":"https:\/\/candor.hu\/index.php\/wp-json\/wp\/v2\/types\/page"}],"author":[{"embeddable":true,"href":"https:\/\/candor.hu\/index.php\/wp-json\/wp\/v2\/users\/3"}],"replies":[{"embeddable":true,"href":"https:\/\/candor.hu\/index.php\/wp-json\/wp\/v2\/comments?post=4671"}],"version-history":[{"count":7,"href":"https:\/\/candor.hu\/index.php\/wp-json\/wp\/v2\/pages\/4671\/revisions"}],"predecessor-version":[{"id":4711,"href":"https:\/\/candor.hu\/index.php\/wp-json\/wp\/v2\/pages\/4671\/revisions\/4711"}],"wp:attachment":[{"href":"https:\/\/candor.hu\/index.php\/wp-json\/wp\/v2\/media?parent=4671"}],"curies":[{"name":"wp","href":"https:\/\/api.w.org\/{rel}","templated":true}]}}