{"id":5341,"date":"2024-08-27T10:36:03","date_gmt":"2024-08-27T10:36:03","guid":{"rendered":"https:\/\/candor.hu\/?page_id=5341"},"modified":"2024-08-27T10:38:21","modified_gmt":"2024-08-27T10:38:21","slug":"sailing-charter-horvatorszagban","status":"publish","type":"page","link":"https:\/\/candor.hu\/index.php\/sailing-charter-horvatorszagban\/","title":{"rendered":"Sailing Charter Horv\u00e1torsz\u00e1gban"},"content":{"rendered":"\t\t<div data-elementor-type=\"wp-page\" data-elementor-id=\"5341\" class=\"elementor elementor-5341\" data-elementor-post-type=\"page\">\n\t\t\t\t\t\t<section class=\"elementor-section elementor-top-section elementor-element elementor-element-aaadd85 elementor-section-boxed elementor-section-height-default elementor-section-height-default\" data-id=\"aaadd85\" data-element_type=\"section\" data-e-type=\"section\">\n\t\t\t\t\t\t<div class=\"elementor-container elementor-column-gap-default\">\n\t\t\t\t\t<div class=\"elementor-column elementor-col-100 elementor-top-column elementor-element elementor-element-0d0fa4d\" data-id=\"0d0fa4d\" data-element_type=\"column\" data-e-type=\"column\">\n\t\t\t<div class=\"elementor-widget-wrap\">\n\t\t\t\t\t\t\t<\/div>\n\t\t<\/div>\n\t\t\t\t\t<\/div>\n\t\t<\/section>\n\t\t\t\t<section class=\"elementor-section elementor-top-section elementor-element elementor-element-5227458 elementor-section-boxed elementor-section-height-default elementor-section-height-default\" data-id=\"5227458\" data-element_type=\"section\" data-e-type=\"section\">\n\t\t\t\t\t\t<div class=\"elementor-container elementor-column-gap-default\">\n\t\t\t\t\t<div class=\"elementor-column elementor-col-100 elementor-top-column elementor-element elementor-element-787288c\" data-id=\"787288c\" data-element_type=\"column\" data-e-type=\"column\">\n\t\t\t<div class=\"elementor-widget-wrap elementor-element-populated\">\n\t\t\t\t\t\t<div class=\"elementor-element elementor-element-f353678 elementor-widget elementor-widget-spacer\" data-id=\"f353678\" data-element_type=\"widget\" data-e-type=\"widget\" data-widget_type=\"spacer.default\">\n\t\t\t\t\t\t\t<div class=\"elementor-spacer\">\n\t\t\t<div class=\"elementor-spacer-inner\"><\/div>\n\t\t<\/div>\n\t\t\t\t\t\t<\/div>\n\t\t\t\t<div class=\"elementor-element elementor-element-abf51a9 elementor-widget elementor-widget-heading\" data-id=\"abf51a9\" data-element_type=\"widget\" data-e-type=\"widget\" data-widget_type=\"heading.default\">\n\t\t\t\t\t<h2 class=\"elementor-heading-title elementor-size-default\">Sailing Charter Horv\u00e1torsz\u00e1gban<\/h2>\t\t\t\t<\/div>\n\t\t\t\t<div class=\"elementor-element elementor-element-7da40dc elementor-widget elementor-widget-text-editor\" data-id=\"7da40dc\" data-element_type=\"widget\" data-e-type=\"widget\" data-widget_type=\"text-editor.default\">\n\t\t\t\t\t\t\t\t\t<p>Horv\u00e1torsz\u00e1g, a F\u00f6ldk\u00f6zi-tenger egyik legizgalmasabb \u00fati c\u00e9lja, t\u00f6k\u00e9letes v\u00e1laszt\u00e1s egy felejthetetlen haj\u00f3b\u00e9rl\u00e9s (sailing charter) kalandhoz. Az Adriai-tenger partvid\u00e9ke leny\u0171g\u00f6z\u0151 t\u00e1jakat, krist\u00e1lytiszta vizet \u00e9s t\u00f6rt\u00e9nelmi l\u00e1tnival\u00f3kat k\u00edn\u00e1l, amelyek gazdag\u00edtj\u00e1k a vitorl\u00e1z\u00e1s \u00e9lm\u00e9ny\u00e9t. A vitorl\u00e1s haj\u00f3 b\u00e9rl\u00e9s (sailing yacht charter) Horv\u00e1torsz\u00e1g vizein k\u00fcl\u00f6nleges \u00e9lm\u00e9nyt ny\u00fajt Dalm\u00e1cia partjain, ahol fest\u0151i \u00f6bl\u00f6k \u00e9s rejtett lag\u00fan\u00e1k v\u00e1rnak r\u00e1d.<\/p><p><strong>Fedezd fel Horv\u00e1torsz\u00e1g var\u00e1zslatos \u00f6bleit!<\/strong><\/p><p>A horv\u00e1t partvid\u00e9k tele van eldugott \u00f6bl\u00f6kkel, amelyeket csak haj\u00f3val lehet megk\u00f6zel\u00edteni, \u00e9s ahol zavartalanul \u00e9lvezheted a term\u00e9szet sz\u00e9ps\u00e9geit. Az olyan szigetek, mint Vis, Hvar \u00e9s Korcula k\u00fcl\u00f6n\u00f6sen n\u00e9pszer\u0171ek a vitorl\u00e1z\u00f3k k\u00f6r\u00e9ben. Vis szigete, amely \u00e9vsz\u00e1zadokon kereszt\u00fcl katonai ter\u00fclet volt, ma csod\u00e1latos \u00f6bleivel, tiszta vizeivel \u00e9s term\u00e9szeti kincseivel vonzza a l\u00e1togat\u00f3kat. A sziget egyedi atmoszf\u00e9r\u00e1ja, t\u00f6rt\u00e9nelme \u00e9s persze bor\u00e1szatai teszi k\u00fcl\u00f6nlegess\u00e9 a haj\u00f3 b\u00e9rl\u00e9s (yacht charter) horv\u00e1torsz\u00e1gi \u00e9lm\u00e9ny\u00e9t.<\/p><p><strong>Hvar szigete: A napf\u00e9ny \u00e9s luxus paradicsoma<\/strong><\/p><p>Hvar szigete az Adriai-tenger egyik legn\u00e9pszer\u0171bb \u00fatic\u00e9lja, amely vibr\u00e1l\u00f3 \u00e9jszakai \u00e9let\u00e9r\u0151l, naps\u00fct\u00e9ses t\u00e1jair\u00f3l \u00e9s gy\u00f6ny\u00f6r\u0171 \u00f6bleir\u0151l h\u00edres. A horv\u00e1torsz\u00e1gi vitorl\u00e1s b\u00e9rl\u00e9sed (sailing yacht charter) sor\u00e1n Hvar eleg\u00e1ns kik\u00f6t\u0151it, t\u00f6rt\u00e9nelmi l\u00e1tnival\u00f3it \u00e9s levendulamez\u0151it is felfedezheted. A sziget gazdag r\u00f3mai \u00f6r\u00f6ks\u00e9ge \u00e9s var\u00e1zslatos sz\u00e9ps\u00e9ge t\u00f6k\u00e9letes kombin\u00e1ci\u00f3t ny\u00fajt a kalandra \u00e9s a pihen\u00e9sre v\u00e1gy\u00f3knak egyar\u00e1nt.<\/p><p><strong>A r\u00f3mai birodalom nyomai<\/strong><\/p><p>Horv\u00e1torsz\u00e1gban a t\u00f6rt\u00e9nelem szerelmesei is tal\u00e1lnak felfedezni val\u00f3t. <br \/>Egy vitorl\u00e1s b\u00e9rl\u00e9s (sailing charter) Horv\u00e1torsz\u00e1gban olyan ikonikus helyekre vihet el, mint Split v\u00e1ros\u00e1nak \u00f3v\u00e1rosa, ahol a Diocletianus palota, a r\u00f3mai birodalom egykori cs\u00e1sz\u00e1ri rezidenci\u00e1ja tal\u00e1lhat\u00f3. Ezek a t\u00f6rt\u00e9nelmi helysz\u00ednek k\u00fcl\u00f6nleges hangulatot adnak a vitorl\u00e1z\u00e1shoz, \u00e9s lehet\u0151s\u00e9get ny\u00fajtanak arra, hogy m\u00e9lyebben megismerkedj a r\u00e9gi\u00f3 gazdag t\u00f6rt\u00e9nelm\u00e9vel.<\/p><p><strong>Helyi \u00e9telek \u00e9s borok: Gasztron\u00f3miai kaland a tengeren<\/strong><\/p><p>Egy haj\u00f3 b\u00e9rl\u00e9s (yacht charter) Horv\u00e1torsz\u00e1g partvid\u00e9k\u00e9n nem csak a t\u00e1jak \u00e9s a t\u00f6rt\u00e9nelmi l\u00e1tnival\u00f3k miatt ny\u0171g\u00f6znek le, hanem a helyi konyha \u00e9s borok is sokat adnak hozz\u00e1 az \u00e9lm\u00e9nyhez. A dalm\u00e1t gasztron\u00f3mia egyszer\u0171s\u00e9g\u00e9r\u0151l \u00e9s frissess\u00e9g\u00e9r\u0151l h\u00edres. A haj\u00f3z\u00e1s sor\u00e1n \u00e9rdemes megk\u00f3stolni a tenger frissen fogott gy\u00fcm\u00f6lcseib\u0151l k\u00e9sz\u00fclt \u00e9teleket, grillezett halakat, polipot \u00e9s kagyl\u00f3t. <br \/>Mindenk\u00e9pp meg kell k\u00f3stolni a helyi \u00e9telek egyik\u00e9t, mint a peka, a buzara, vagy a brodett. A horv\u00e1t borok, k\u00fcl\u00f6n\u00f6sen a Vis sziget\u00e9n termelt feh\u00e9r borok \u00e9s a Hvar sziget\u00e9n k\u00e9sz\u00edtett, t\u00f6k\u00e9letes k\u00eds\u00e9r\u0151i ezeknek az \u00e9teleknek. Egy haj\u00f3s vacsora a tengerparti \u00e9ttermek egyik\u00e9ben felejthetetlen gasztron\u00f3miai \u00e9lm\u00e9nyt ny\u00fajthat.<\/p><p>Egy vitorl\u00e1s haj\u00f3 b\u00e9rl\u00e9s (sailing yacht charter) Horv\u00e1torsz\u00e1g tenger\u00e9n egyszerre k\u00edn\u00e1l kalandot, pihen\u00e9st \u00e9s kultur\u00e1lis felfedez\u00e9seket. Legyen sz\u00f3 eldugott \u00f6bl\u00f6kr\u0151l, t\u00f6rt\u00e9nelmi l\u00e1tnival\u00f3kr\u00f3l, vagy a helyi konyha \u00ednycsikland\u00f3 fog\u00e1sair\u00f3l. Horv\u00e1torsz\u00e1gban minden adott ahhoz, hogy a vitorl\u00e1z\u00e1s val\u00f3ban k\u00fcl\u00f6nleges \u00e9lm\u00e9ny legyen.<\/p>\t\t\t\t\t\t\t\t<\/div>\n\t\t\t\t<div class=\"elementor-element elementor-element-db49e2f elementor-widget elementor-widget-spacer\" data-id=\"db49e2f\" data-element_type=\"widget\" data-e-type=\"widget\" data-widget_type=\"spacer.default\">\n\t\t\t\t\t\t\t<div class=\"elementor-spacer\">\n\t\t\t<div class=\"elementor-spacer-inner\"><\/div>\n\t\t<\/div>\n\t\t\t\t\t\t<\/div>\n\t\t\t\t\t<\/div>\n\t\t<\/div>\n\t\t\t\t\t<\/div>\n\t\t<\/section>\n\t\t\t\t<\/div>\n\t\t","protected":false},"excerpt":{"rendered":"<p>Sailing Charter Horv\u00e1torsz\u00e1gban Horv\u00e1torsz\u00e1g, a F\u00f6ldk\u00f6zi-tenger egyik legizgalmasabb \u00fati c\u00e9lja, t\u00f6k\u00e9letes v\u00e1laszt\u00e1s egy felejthetetlen haj\u00f3b\u00e9rl\u00e9s (sailing charter) kalandhoz. Az Adriai-tenger partvid\u00e9ke leny\u0171g\u00f6z\u0151 t\u00e1jakat, krist\u00e1lytiszta vizet \u00e9s t\u00f6rt\u00e9nelmi l\u00e1tnival\u00f3kat k\u00edn\u00e1l, amelyek gazdag\u00edtj\u00e1k a vitorl\u00e1z\u00e1s \u00e9lm\u00e9ny\u00e9t. A vitorl\u00e1s haj\u00f3 b\u00e9rl\u00e9s (sailing yacht charter) Horv\u00e1torsz\u00e1g vizein k\u00fcl\u00f6nleges \u00e9lm\u00e9nyt ny\u00fajt Dalm\u00e1cia partjain, ahol fest\u0151i \u00f6bl\u00f6k \u00e9s rejtett lag\u00fan\u00e1k v\u00e1rnak [&hellip;]<\/p>\n","protected":false},"author":3,"featured_media":0,"parent":0,"menu_order":0,"comment_status":"closed","ping_status":"closed","template":"","meta":{"footnotes":""},"class_list":["post-5341","page","type-page","status-publish","hentry","entry","owp-thumbs-layout-horizontal","owp-btn-normal","owp-tabs-layout-horizontal","has-no-thumbnails","has-product-nav"],"yoast_head":"<!-- This site is optimized with the Yoast SEO plugin v27.4 - https:\/\/yoast.com\/product\/yoast-seo-wordpress\/ -->\n<title>Sailing Charter Horv\u00e1torsz\u00e1g | candor.hu<\/title>\n<meta name=\"description\" content=\"A vitorl\u00e1s haj\u00f3 b\u00e9rl\u00e9s (sailing yacht charter) Horv\u00e1torsz\u00e1g vizein k\u00fcl\u00f6nleges \u00e9lm\u00e9nyt ny\u00fajt, fest\u0151i \u00f6bl\u00f6k \u00e9s rejtett lag\u00fan\u00e1k v\u00e1rnak r\u00e1d.\" \/>\n<meta name=\"robots\" content=\"index, follow, max-snippet:-1, max-image-preview:large, max-video-preview:-1\" \/>\n<link rel=\"canonical\" href=\"https:\/\/candor.hu\/index.php\/sailing-charter-horvatorszagban\/\" \/>\n<meta property=\"og:locale\" content=\"hu_HU\" \/>\n<meta property=\"og:type\" content=\"article\" \/>\n<meta property=\"og:title\" content=\"Sailing Charter Horv\u00e1torsz\u00e1g | candor.hu\" \/>\n<meta property=\"og:description\" content=\"A vitorl\u00e1s haj\u00f3 b\u00e9rl\u00e9s (sailing yacht charter) Horv\u00e1torsz\u00e1g vizein k\u00fcl\u00f6nleges \u00e9lm\u00e9nyt ny\u00fajt, fest\u0151i \u00f6bl\u00f6k \u00e9s rejtett lag\u00fan\u00e1k v\u00e1rnak r\u00e1d.\" \/>\n<meta property=\"og:url\" content=\"https:\/\/candor.hu\/index.php\/sailing-charter-horvatorszagban\/\" \/>\n<meta property=\"og:site_name\" content=\"Candor\" \/>\n<meta property=\"article:modified_time\" content=\"2024-08-27T10:38:21+00:00\" \/>\n<meta name=\"twitter:card\" content=\"summary_large_image\" \/>\n<meta name=\"twitter:label1\" content=\"Becs\u00fclt olvas\u00e1si id\u0151\" \/>\n\t<meta name=\"twitter:data1\" content=\"3 perc\" \/>\n<script type=\"application\/ld+json\" class=\"yoast-schema-graph\">{\"@context\":\"https:\\\/\\\/schema.org\",\"@graph\":[{\"@type\":\"WebPage\",\"@id\":\"https:\\\/\\\/candor.hu\\\/index.php\\\/sailing-charter-horvatorszagban\\\/\",\"url\":\"https:\\\/\\\/candor.hu\\\/index.php\\\/sailing-charter-horvatorszagban\\\/\",\"name\":\"Sailing Charter Horv\u00e1torsz\u00e1g | candor.hu\",\"isPartOf\":{\"@id\":\"https:\\\/\\\/candor.hu\\\/#website\"},\"datePublished\":\"2024-08-27T10:36:03+00:00\",\"dateModified\":\"2024-08-27T10:38:21+00:00\",\"description\":\"A vitorl\u00e1s haj\u00f3 b\u00e9rl\u00e9s (sailing yacht charter) Horv\u00e1torsz\u00e1g vizein k\u00fcl\u00f6nleges \u00e9lm\u00e9nyt ny\u00fajt, fest\u0151i \u00f6bl\u00f6k \u00e9s rejtett lag\u00fan\u00e1k v\u00e1rnak r\u00e1d.\",\"breadcrumb\":{\"@id\":\"https:\\\/\\\/candor.hu\\\/index.php\\\/sailing-charter-horvatorszagban\\\/#breadcrumb\"},\"inLanguage\":\"hu\",\"potentialAction\":[{\"@type\":\"ReadAction\",\"target\":[\"https:\\\/\\\/candor.hu\\\/index.php\\\/sailing-charter-horvatorszagban\\\/\"]}]},{\"@type\":\"BreadcrumbList\",\"@id\":\"https:\\\/\\\/candor.hu\\\/index.php\\\/sailing-charter-horvatorszagban\\\/#breadcrumb\",\"itemListElement\":[{\"@type\":\"ListItem\",\"position\":1,\"name\":\"Kezd\u0151lap\",\"item\":\"https:\\\/\\\/candor.hu\\\/\"},{\"@type\":\"ListItem\",\"position\":2,\"name\":\"Sailing Charter Horv\u00e1torsz\u00e1gban\"}]},{\"@type\":\"WebSite\",\"@id\":\"https:\\\/\\\/candor.hu\\\/#website\",\"url\":\"https:\\\/\\\/candor.hu\\\/\",\"name\":\"Candor\",\"description\":\"\",\"publisher\":{\"@id\":\"https:\\\/\\\/candor.hu\\\/#organization\"},\"potentialAction\":[{\"@type\":\"SearchAction\",\"target\":{\"@type\":\"EntryPoint\",\"urlTemplate\":\"https:\\\/\\\/candor.hu\\\/?s={search_term_string}\"},\"query-input\":{\"@type\":\"PropertyValueSpecification\",\"valueRequired\":true,\"valueName\":\"search_term_string\"}}],\"inLanguage\":\"hu\"},{\"@type\":\"Organization\",\"@id\":\"https:\\\/\\\/candor.hu\\\/#organization\",\"name\":\"Candor\",\"url\":\"https:\\\/\\\/candor.hu\\\/\",\"logo\":{\"@type\":\"ImageObject\",\"inLanguage\":\"hu\",\"@id\":\"https:\\\/\\\/candor.hu\\\/#\\\/schema\\\/logo\\\/image\\\/\",\"url\":\"https:\\\/\\\/candor.hu\\\/wp-content\\\/uploads\\\/2023\\\/05\\\/cropped-candorlogo-01.png\",\"contentUrl\":\"https:\\\/\\\/candor.hu\\\/wp-content\\\/uploads\\\/2023\\\/05\\\/cropped-candorlogo-01.png\",\"width\":754,\"height\":206,\"caption\":\"Candor\"},\"image\":{\"@id\":\"https:\\\/\\\/candor.hu\\\/#\\\/schema\\\/logo\\\/image\\\/\"}}]}<\/script>\n<!-- \/ Yoast SEO plugin. -->","yoast_head_json":{"title":"Sailing Charter Horv\u00e1torsz\u00e1g | candor.hu","description":"A vitorl\u00e1s haj\u00f3 b\u00e9rl\u00e9s (sailing yacht charter) Horv\u00e1torsz\u00e1g vizein k\u00fcl\u00f6nleges \u00e9lm\u00e9nyt ny\u00fajt, fest\u0151i \u00f6bl\u00f6k \u00e9s rejtett lag\u00fan\u00e1k v\u00e1rnak r\u00e1d.","robots":{"index":"index","follow":"follow","max-snippet":"max-snippet:-1","max-image-preview":"max-image-preview:large","max-video-preview":"max-video-preview:-1"},"canonical":"https:\/\/candor.hu\/index.php\/sailing-charter-horvatorszagban\/","og_locale":"hu_HU","og_type":"article","og_title":"Sailing Charter Horv\u00e1torsz\u00e1g | candor.hu","og_description":"A vitorl\u00e1s haj\u00f3 b\u00e9rl\u00e9s (sailing yacht charter) Horv\u00e1torsz\u00e1g vizein k\u00fcl\u00f6nleges \u00e9lm\u00e9nyt ny\u00fajt, fest\u0151i \u00f6bl\u00f6k \u00e9s rejtett lag\u00fan\u00e1k v\u00e1rnak r\u00e1d.","og_url":"https:\/\/candor.hu\/index.php\/sailing-charter-horvatorszagban\/","og_site_name":"Candor","article_modified_time":"2024-08-27T10:38:21+00:00","twitter_card":"summary_large_image","twitter_misc":{"Becs\u00fclt olvas\u00e1si id\u0151":"3 perc"},"schema":{"@context":"https:\/\/schema.org","@graph":[{"@type":"WebPage","@id":"https:\/\/candor.hu\/index.php\/sailing-charter-horvatorszagban\/","url":"https:\/\/candor.hu\/index.php\/sailing-charter-horvatorszagban\/","name":"Sailing Charter Horv\u00e1torsz\u00e1g | candor.hu","isPartOf":{"@id":"https:\/\/candor.hu\/#website"},"datePublished":"2024-08-27T10:36:03+00:00","dateModified":"2024-08-27T10:38:21+00:00","description":"A vitorl\u00e1s haj\u00f3 b\u00e9rl\u00e9s (sailing yacht charter) Horv\u00e1torsz\u00e1g vizein k\u00fcl\u00f6nleges \u00e9lm\u00e9nyt ny\u00fajt, fest\u0151i \u00f6bl\u00f6k \u00e9s rejtett lag\u00fan\u00e1k v\u00e1rnak r\u00e1d.","breadcrumb":{"@id":"https:\/\/candor.hu\/index.php\/sailing-charter-horvatorszagban\/#breadcrumb"},"inLanguage":"hu","potentialAction":[{"@type":"ReadAction","target":["https:\/\/candor.hu\/index.php\/sailing-charter-horvatorszagban\/"]}]},{"@type":"BreadcrumbList","@id":"https:\/\/candor.hu\/index.php\/sailing-charter-horvatorszagban\/#breadcrumb","itemListElement":[{"@type":"ListItem","position":1,"name":"Kezd\u0151lap","item":"https:\/\/candor.hu\/"},{"@type":"ListItem","position":2,"name":"Sailing Charter Horv\u00e1torsz\u00e1gban"}]},{"@type":"WebSite","@id":"https:\/\/candor.hu\/#website","url":"https:\/\/candor.hu\/","name":"Candor","description":"","publisher":{"@id":"https:\/\/candor.hu\/#organization"},"potentialAction":[{"@type":"SearchAction","target":{"@type":"EntryPoint","urlTemplate":"https:\/\/candor.hu\/?s={search_term_string}"},"query-input":{"@type":"PropertyValueSpecification","valueRequired":true,"valueName":"search_term_string"}}],"inLanguage":"hu"},{"@type":"Organization","@id":"https:\/\/candor.hu\/#organization","name":"Candor","url":"https:\/\/candor.hu\/","logo":{"@type":"ImageObject","inLanguage":"hu","@id":"https:\/\/candor.hu\/#\/schema\/logo\/image\/","url":"https:\/\/candor.hu\/wp-content\/uploads\/2023\/05\/cropped-candorlogo-01.png","contentUrl":"https:\/\/candor.hu\/wp-content\/uploads\/2023\/05\/cropped-candorlogo-01.png","width":754,"height":206,"caption":"Candor"},"image":{"@id":"https:\/\/candor.hu\/#\/schema\/logo\/image\/"}}]}},"jetpack_sharing_enabled":true,"_links":{"self":[{"href":"https:\/\/candor.hu\/index.php\/wp-json\/wp\/v2\/pages\/5341","targetHints":{"allow":["GET"]}}],"collection":[{"href":"https:\/\/candor.hu\/index.php\/wp-json\/wp\/v2\/pages"}],"about":[{"href":"https:\/\/candor.hu\/index.php\/wp-json\/wp\/v2\/types\/page"}],"author":[{"embeddable":true,"href":"https:\/\/candor.hu\/index.php\/wp-json\/wp\/v2\/users\/3"}],"replies":[{"embeddable":true,"href":"https:\/\/candor.hu\/index.php\/wp-json\/wp\/v2\/comments?post=5341"}],"version-history":[{"count":4,"href":"https:\/\/candor.hu\/index.php\/wp-json\/wp\/v2\/pages\/5341\/revisions"}],"predecessor-version":[{"id":5345,"href":"https:\/\/candor.hu\/index.php\/wp-json\/wp\/v2\/pages\/5341\/revisions\/5345"}],"wp:attachment":[{"href":"https:\/\/candor.hu\/index.php\/wp-json\/wp\/v2\/media?parent=5341"}],"curies":[{"name":"wp","href":"https:\/\/api.w.org\/{rel}","templated":true}]}}